{"id":47,"date":"2023-09-13T10:30:49","date_gmt":"2023-09-13T08:30:49","guid":{"rendered":"https:\/\/elkraftentreprenorerna.se\/index.php\/generated-homepage\/"},"modified":"2026-03-09T14:46:51","modified_gmt":"2026-03-09T13:46:51","slug":"generated-homepage","status":"publish","type":"page","link":"https:\/\/elkraftentreprenorerna.se\/","title":{"rendered":"Hem"},"content":{"rendered":"<p><span><img decoding=\"async\" alt=\"\" data-id=\"235\" width=\"1060\" data-init-width=\"3444\" height=\"234\" data-init-height=\"760\" title=\"logotyp-bl\u00e5\" loading=\"lazy\" src=\"https:\/\/elkraftentreprenorerna.se\/wp-content\/uploads\/2024\/01\/logo-blue.png\" data-width=\"1060\" data-height=\"234\" style=\"aspect-ratio: auto 3444 \/ 760;\"><\/span><\/p>\n<p style=\"\"><strong>Sveriges Elkraftentrepren\u00f6rer \u00e4r en branschorganisation f\u00f6r elkraftentrepren\u00f6rer som bedrivs i samverkan med Installat\u00f6rsf\u00f6retagen.<\/strong><\/p>\n<h2 style=\"\">Vilka \u00e4r vi?<\/h2>\n<p style=\"\">F\u00f6retagen i Sveriges Elkraftentrepren\u00f6rer verkar inom Sveriges <span>mest<\/span> kritiska infrastruktur, eln\u00e4t och elproduktion.<\/p>\n<p style=\"\">F\u00f6r att n\u00e5 Sveriges klimatm\u00e5l, 100% f\u00f6rnybar elproduktion 2040 och 50% <span>effektivare<\/span> energianv\u00e4ndning 2030, omfattande investeringar i eln\u00e4t, elproduktion, flexibilitetsl\u00f6sningar och lager.&nbsp;<\/p>\n<p style=\"\">F\u00f6retagen i Sveriges Elkraftentrepren\u00f6rer \u00e4r en viktig resurs f\u00f6r att det ska lyckas. Organisationen best\u00e5r av tio stycken f\u00f6retag med cirka 4 000 anst\u00e4llda.<\/p>\n<h3 style=\"\">Branscharbetet bedrivs f\u00f6r n\u00e4rvarande inom tre huvudomr\u00e5den<\/h3>\n<ul>\n<li>Arbetsmilj\u00f6\/S\u00e4kerhet<\/li>\n<li style=\"\">Kvalitetss\u00e4krad kompetensf\u00f6rs\u00f6rjning<\/li>\n<li>Goda n\u00e4ringsvillkor och branschutveckling<\/li>\n<\/ul>\n<p>Organisationen har som \u00e4ndam\u00e5l att tillvarata och fr\u00e4mja medlemmarnas gemensamma intressen i deras egenskap av entrepren\u00f6rer inom elkraftomr\u00e5det.<\/p>\n<h3 style=\"\">Organisationen \u00e4r fr\u00e4mst inriktad p\u00e5 att:<\/h3>\n<li>vara ett samlat forum f\u00f6r allm\u00e4ngiltiga branschfr\u00e5gor<\/li>\n<li style=\"\">arbeta f\u00f6r goda n\u00e4ringsvillkor och branschens utveckling<\/li>\n<li>verka f\u00f6r sunda och \u00e4ndam\u00e5ls-enliga aff\u00e4rsprinciper inom branschen<\/li>\n<li>samarbeta med myndigheter och n\u00e4ringslivets organisationer inom energibranschen i Sverige och Norden<\/li>\n<li>arbeta f\u00f6r att s\u00e4kerst\u00e4lla relevant utbildning och kompetensutveckling<\/li>\n<li>skapa intresse f\u00f6r branschen f\u00f6r att s\u00e4kra rekryteringsbehov<\/li>\n<li style=\"text-align: left;\">vara opinionsbildare och remissinstans i branschgemensamma fr\u00e5gor<\/li>\n<h2 style=\"\">F\u00f6retag<\/h2>\n<ul>\n<li><a href=\"https:\/\/www.abeka.se\/\" target=\"_blank\" style=\"outline: none;\">Abeka El &amp; Kraftanl\u00e4ggningar AB<\/a><\/li>\n<li><a href=\"https:\/\/atskraftservice.se\/\" target=\"_blank\" style=\"outline: none;\">ATS Kraftservice AB<\/a><\/li>\n<li><a href=\"https:\/\/craftor.se\/\" target=\"_blank\" style=\"outline: none;\">Craftor AB<\/a><\/li>\n<li><a href=\"https:\/\/www.eltelnetworks.se\/\" target=\"_blank\" style=\"outline: none;\">Eltel Networks Infranet AB, division El<\/a><\/li>\n<li><a href=\"https:\/\/es.se\/\" target=\"_blank\" style=\"outline: none;\">Energiservice i Skellefte\u00e5 AB<\/a><\/li>\n<li><a href=\"https:\/\/www.omexom.se\/\" style=\"outline: none;\" target=\"_blank\">Infratek Sverige AB\/Omexom<\/a><\/li>\n<li><a href=\"https:\/\/linjemontage.se\/\" target=\"_blank\" style=\"outline: none;\">Linjemontage i Gr\u00e4storp AB<\/a><\/li>\n<li><a href=\"https:\/\/www.one-nordic.se\/\" target=\"_blank\" style=\"outline: none;\">One Nordic AB<\/a><\/li>\n<li><a href=\"http:\/\/attenfall.se\/foretag\/vara-tjanster\/vattenfall-services\/\" target=\"_blank\" style=\"outline: none;\">Vattenfall Services Nordic AB<\/a><\/li>\n<li>Victor Energi AB<\/li>\n<\/ul>\n<p><a href=\"https:\/\/elkraftentreprenorerna.se\/index.php\/arbetsmiljo-och-sakerhet\/\"><\/p>\n<h3 style=\"text-align: center;\"><strong>Arbetsmilj\u00f6 och s\u00e4kerhet<\/strong><\/h3>\n<p style=\"text-align: center;\"><span style=\"--tcb-applied-color: var$(--tcb-skin-color-3) !important; color: var(--tcb-skin-color-3) !important;\">Sveriges Elkraftentrepren\u00f6rer arbetar proaktivt f\u00f6r att st\u00e4rka s\u00e4kerhetskulturen i branschen och har bland annat gjort ett gemensamt st\u00e4llningstagande f\u00f6r att arbeta s\u00e4kert.<\/span><\/p>\n<p style=\"text-align: center;\"><span style=\"--tcb-applied-color: var$(--tcb-skin-color-3) !important; color: var(--tcb-skin-color-3) !important;\">L\u00e4s mer&#8230;<\/span><\/p>\n<p><\/a><a href=\"https:\/\/elkraftentreprenorerna.se\/index.php\/kvalitetssakrad-kompetensforsorjning\/\"><\/p>\n<h3 style=\"text-align: center;\"><strong>Kvalitetss\u00e4krad kompetensf\u00f6rs\u00f6rjning&nbsp;<\/strong><\/h3>\n<p style=\"text-align: center;\"><span style=\"--tcb-applied-color: var$(--tcb-skin-color-3) !important; color: var(--tcb-skin-color-3) !important;\">Inom elkraftbranschen finns det i dag ett stort behov av att anst\u00e4lla nya medarbetare som dessv\u00e4rre inte finns tillg\u00e4ngliga.<\/span><\/p>\n<p style=\"text-align: center;\"><span style=\"--tcb-applied-color: var$(--tcb-skin-color-3) !important; color: var(--tcb-skin-color-3) !important;\">L\u00e4s mer&#8230;<\/span><\/p>\n<p><\/a><a href=\"https:\/\/elkraftentreprenorerna.se\/index.php\/goda-naringsvillkor-och-branschutveckling\/\"><\/p>\n<h3 style=\"text-align: center;\"><strong>Goda n\u00e4ringsvillkor och branschutveckling<\/strong><\/h3>\n<p style=\"text-align: center;\"><span style=\"--tcb-applied-color: rgb(66, 66, 66) !important; color: rgb(66, 66, 66) !important;\">Sveriges Elkraftentrepren\u00f6rer bedriver p\u00e5verkansarbete f\u00f6r att utveckla branschen och fr\u00e4mja n\u00e4ringsvillkoren.<\/span><\/p>\n<p style=\"text-align: center;\"><span style=\"--tcb-applied-color: rgb(66, 66, 66) !important; color: rgb(66, 66, 66) !important;\">L\u00e4s mer&#8230;<\/span><\/p>\n<p><\/a><\/p>\n","protected":false},"excerpt":{"rendered":"<p>Sveriges Elkraftentrepren\u00f6rer \u00e4r en branschorganisation f\u00f6r elkraftentrepren\u00f6rer som bedrivs i samverkan med Installat\u00f6rsf\u00f6retagen. Vilka \u00e4r vi? F\u00f6retagen i Sveriges Elkraftentrepren\u00f6rer verkar inom Sveriges mest kritiska infrastruktur, eln\u00e4t och elproduktion. F\u00f6r att n\u00e5 Sveriges klimatm\u00e5l, 100% f\u00f6rnybar elproduktion 2040 och 50% effektivare energianv\u00e4ndning 2030, omfattande investeringar i eln\u00e4t, elproduktion, flexibilitetsl\u00f6sningar och lager.&nbsp; F\u00f6retagen i Sveriges Elkraftentrepren\u00f6rer [&hellip;]<\/p>\n","protected":false},"author":5,"featured_media":0,"parent":0,"menu_order":0,"comment_status":"closed","ping_status":"closed","template":"","meta":{"footnotes":"","tve_updated_post":"","tve_custom_css":"","tve_user_custom_css":"","tve_globals":{},"tcb2_ready":1,"tcb_editor_enabled":1,"tve_landing_page":"3a8f7c03b84cd3e81d224f4130a0725c","_tve_header":"43","_tve_footer":"46"},"class_list":["post-47","page","type-page","status-publish","hentry","post-wrapper","thrv_wrapper"],"_links":{"self":[{"href":"https:\/\/elkraftentreprenorerna.se\/index.php\/wp-json\/wp\/v2\/pages\/47","targetHints":{"allow":["GET"]}}],"collection":[{"href":"https:\/\/elkraftentreprenorerna.se\/index.php\/wp-json\/wp\/v2\/pages"}],"about":[{"href":"https:\/\/elkraftentreprenorerna.se\/index.php\/wp-json\/wp\/v2\/types\/page"}],"author":[{"embeddable":true,"href":"https:\/\/elkraftentreprenorerna.se\/index.php\/wp-json\/wp\/v2\/users\/5"}],"replies":[{"embeddable":true,"href":"https:\/\/elkraftentreprenorerna.se\/index.php\/wp-json\/wp\/v2\/comments?post=47"}],"version-history":[{"count":65,"href":"https:\/\/elkraftentreprenorerna.se\/index.php\/wp-json\/wp\/v2\/pages\/47\/revisions"}],"predecessor-version":[{"id":282,"href":"https:\/\/elkraftentreprenorerna.se\/index.php\/wp-json\/wp\/v2\/pages\/47\/revisions\/282"}],"wp:attachment":[{"href":"https:\/\/elkraftentreprenorerna.se\/index.php\/wp-json\/wp\/v2\/media?parent=47"}],"curies":[{"name":"wp","href":"https:\/\/api.w.org\/{rel}","templated":true}]}}